{"id":357,"date":"2018-09-11T15:16:41","date_gmt":"2018-09-11T13:16:41","guid":{"rendered":"https:\/\/www.sapere-association.com\/?page_id=357"},"modified":"2022-12-19T13:35:29","modified_gmt":"2022-12-19T12:35:29","slug":"ateliers-conferences-seminaires","status":"publish","type":"page","link":"https:\/\/www.sapere-association.com\/fr\/reseau\/ateliers-conferences-seminaires","title":{"rendered":"Ateliers \/ conf\u00e9rences \/ s\u00e9minaires"},"content":{"rendered":"<div class=\"xdj266r x11i5rnm xat24cr x1mh8g0r x1vvkbs x126k92a\">\n<div dir=\"auto\">\n<figure id=\"attachment_1455\" aria-describedby=\"caption-attachment-1455\" style=\"width: 150px\" class=\"wp-caption aligncenter\"><a href=\"https:\/\/www.sapere-association.com\/wp-content\/uploads\/2022\/10\/Capture-de\u0301cran-2022-10-31-a\u0300-14.12.40.png\"><img decoding=\"async\" class=\"wp-image-1455 size-thumbnail\" src=\"https:\/\/www.sapere-association.com\/wp-content\/uploads\/2022\/10\/Capture-de\u0301cran-2022-10-31-a\u0300-14.12.40-150x150.png\" alt=\"Food education and Sustainability\" width=\"150\" height=\"150\" srcset=\"https:\/\/www.sapere-association.com\/wp-content\/uploads\/2022\/10\/Capture-de\u0301cran-2022-10-31-a\u0300-14.12.40-150x150.png 150w, https:\/\/www.sapere-association.com\/wp-content\/uploads\/2022\/10\/Capture-de\u0301cran-2022-10-31-a\u0300-14.12.40-360x360.png 360w\" sizes=\"(max-width: 150px) 100vw, 150px\" \/><\/a><figcaption id=\"caption-attachment-1455\" class=\"wp-caption-text\">\u00c9ducation alimentaire et durabilit\u00e9<\/figcaption><\/figure>\n<\/div>\n<div dir=\"auto\">Le 20 Octobre 2022 dernier, SAPERE international a organis\u00e9 sa premi\u00e8re conf\u00e9rence en ligne.<\/div>\n<div dir=\"auto\">Celle-ci \u00e9tait consacr\u00e9e \u00e0 la relation entre l\u2019\u00e9ducation sensorielle et la durabilit\u00e9 alimentaire.<\/div>\n<div dir=\"auto\">Plus de 60 participants ont rejoint la e-conference en provenance de l&rsquo;Europe, du Canada et du Japon.<\/div>\n<div dir=\"auto\">La e-conference a \u00e9t\u00e9 enregistr\u00e9e et peut \u00eatre vue ici: <a class=\"x1i10hfl xjbqb8w x6umtig x1b1mbwd xaqea5y xav7gou x9f619 x1ypdohk xt0psk2 xe8uvvx xdj266r x11i5rnm xat24cr x1mh8g0r xexx8yu x4uap5 x18d9i69 xkhd6sd x16tdsg8 x1hl2dhg xggy1nq x1a2a7pz xt0b8zv x1fey0fg\" tabindex=\"0\" role=\"link\" href=\"https:\/\/vimeo.com\/765648878?fbclid=IwAR3rrDWYWH4nVrpvCfTAxk55HkvM-s2bVUgUH1edQacSz16amB-QKQkWoX0\" target=\"_blank\" rel=\"nofollow noopener noreferrer\">https:\/\/vimeo.com\/765648878<\/a><\/div>\n<\/div>\n<p>&nbsp;<\/p>\n<p>&nbsp;<\/p>\n<p style=\"text-align: center;\"><strong>symposium SAPERE 2019<\/strong><\/p>\n<hr \/>\n<figure id=\"attachment_1047\" aria-describedby=\"caption-attachment-1047\" style=\"width: 221px\" class=\"wp-caption aligncenter\"><a href=\"https:\/\/www.sapere-association.com\/wp-content\/uploads\/2019\/11\/Capture-d\u2019e\u0301cran-2019-11-14-a\u0300-16.30.03.png\"><img fetchpriority=\"high\" decoding=\"async\" class=\"wp-image-1047 size-medium\" src=\"https:\/\/www.sapere-association.com\/wp-content\/uploads\/2019\/11\/Capture-d\u2019e\u0301cran-2019-11-14-a\u0300-16.30.03-221x300.png\" alt=\"SAPERE symposium\" width=\"221\" height=\"300\" srcset=\"https:\/\/www.sapere-association.com\/wp-content\/uploads\/2019\/11\/Capture-d\u2019e\u0301cran-2019-11-14-a\u0300-16.30.03-221x300.png 221w, https:\/\/www.sapere-association.com\/wp-content\/uploads\/2019\/11\/Capture-d\u2019e\u0301cran-2019-11-14-a\u0300-16.30.03-96x130.png 96w, https:\/\/www.sapere-association.com\/wp-content\/uploads\/2019\/11\/Capture-d\u2019e\u0301cran-2019-11-14-a\u0300-16.30.03.png 428w\" sizes=\"(max-width: 221px) 100vw, 221px\" \/><\/a><figcaption id=\"caption-attachment-1047\" class=\"wp-caption-text\">SAPERE symposium<\/figcaption><\/figure>\n<p><a href=\"https:\/\/www.sapere-association.com\/wp-content\/uploads\/2019\/11\/schedule_8th_SAPERE_symposium_TastEd.pdf\" target=\"_blank\" rel=\"noopener noreferrer\">programme_8th_SAPERE_symposium_TastEd (en anglais)<\/a><\/p>\n<p><a href=\"https:\/\/www.sapere-association.com\/wp-content\/uploads\/2019\/12\/abstracts_SAPERE_symposium_2019.pdf\" target=\"_blank\" rel=\"noopener noreferrer\">r\u00e9sum\u00e9s scientifiques symposium SAPERE 2019 (en anglais)<\/a><\/p>\n<p><a href=\"https:\/\/www.sapere-association.com\/wp-content\/uploads\/2020\/03\/Jean-Luc_Lalevee_Cambridge24october2019.pdf\" target=\"_blank\" rel=\"noopener noreferrer\">presentation_Jean-Luc_Lalevee_Cambridge24october2019<\/a><\/p>\n<p><a href=\"https:\/\/www.sapere-association.com\/wp-content\/uploads\/2020\/03\/tribute-to-Roelof-Cambridge.pdf\" target=\"_blank\" rel=\"noopener noreferrer\">hommage Roelof Huurneman Cambridge<\/a><\/p>\n<p><a href=\"https:\/\/www.sapere-association.com\/wp-content\/uploads\/2020\/03\/Reverdy_Caroline_gourmet_preferences-1.pdf\" target=\"_blank\" rel=\"noopener noreferrer\">presentation_Reverdy_Caroline_gourmet_preferences<\/a><\/p>\n<p><a href=\"https:\/\/www.sapere-association.com\/wp-content\/uploads\/2020\/02\/Almli_basic-tastes-identification.pdf\">presentation_Almli_basic tastes identification (en anglais)<\/a><\/p>\n<p><a href=\"https:\/\/www.sapere-association.com\/wp-content\/uploads\/2020\/02\/Leigh-Gibson-ToyBox-Sapere-talk-22.10.19_zip.pdf\">presentation_Leigh Gibson ToyBox Sapere talk 22.10.19_zip (en anglais)<\/a><\/p>\n<div id='gallery-1' class='gallery galleryid-357 gallery-columns-2 gallery-size-medium'><figure class='gallery-item'>\n\t\t\t<div class='gallery-icon landscape'>\n\t\t\t\t<a href='https:\/\/www.sapere-association.com\/wp-content\/uploads\/2019\/11\/Bild-1_zip.jpg'><img decoding=\"async\" width=\"300\" height=\"200\" src=\"https:\/\/www.sapere-association.com\/wp-content\/uploads\/2019\/11\/Bild-1_zip-300x200.jpg\" class=\"attachment-medium size-medium\" alt=\"Jason O&#039;Rourke, Bee Wilson, Abby Scott\" aria-describedby=\"gallery-1-1056\" srcset=\"https:\/\/www.sapere-association.com\/wp-content\/uploads\/2019\/11\/Bild-1_zip-300x200.jpg 300w, https:\/\/www.sapere-association.com\/wp-content\/uploads\/2019\/11\/Bild-1_zip-768x512.jpg 768w, https:\/\/www.sapere-association.com\/wp-content\/uploads\/2019\/11\/Bild-1_zip-1024x683.jpg 1024w, https:\/\/www.sapere-association.com\/wp-content\/uploads\/2019\/11\/Bild-1_zip-175x117.jpg 175w\" sizes=\"(max-width: 300px) 100vw, 300px\" \/><\/a>\n\t\t\t<\/div>\n\t\t\t\t<figcaption class='wp-caption-text gallery-caption' id='gallery-1-1056'>\n\t\t\t\tJason O&rsquo;Rourke, Bee Wilson, Abby Scott\n\t\t\t\t<\/figcaption><\/figure><figure class='gallery-item'>\n\t\t\t<div class='gallery-icon landscape'>\n\t\t\t\t<a href='https:\/\/www.sapere-association.com\/wp-content\/uploads\/2020\/03\/japan.jpg'><img loading=\"lazy\" decoding=\"async\" width=\"300\" height=\"200\" src=\"https:\/\/www.sapere-association.com\/wp-content\/uploads\/2020\/03\/japan-300x200.jpg\" class=\"attachment-medium size-medium\" alt=\"Yaeko Gawaguchi &amp; Junichiro Somei from Japan\" aria-describedby=\"gallery-1-1132\" srcset=\"https:\/\/www.sapere-association.com\/wp-content\/uploads\/2020\/03\/japan-300x200.jpg 300w, https:\/\/www.sapere-association.com\/wp-content\/uploads\/2020\/03\/japan-768x512.jpg 768w, https:\/\/www.sapere-association.com\/wp-content\/uploads\/2020\/03\/japan-1024x683.jpg 1024w, https:\/\/www.sapere-association.com\/wp-content\/uploads\/2020\/03\/japan-175x117.jpg 175w\" sizes=\"(max-width: 300px) 100vw, 300px\" \/><\/a>\n\t\t\t<\/div>\n\t\t\t\t<figcaption class='wp-caption-text gallery-caption' id='gallery-1-1132'>\n\t\t\t\tYaeko Gawaguchi &#038; Junichiro Somei from Japan\n\t\t\t\t<\/figcaption><\/figure><figure class='gallery-item'>\n\t\t\t<div class='gallery-icon landscape'>\n\t\t\t\t<a href='https:\/\/www.sapere-association.com\/wp-content\/uploads\/2020\/03\/netherlands.jpg'><img loading=\"lazy\" decoding=\"async\" width=\"300\" height=\"212\" src=\"https:\/\/www.sapere-association.com\/wp-content\/uploads\/2020\/03\/netherlands-300x212.jpg\" class=\"attachment-medium size-medium\" alt=\"Annelaura Schaap &amp; Jolijn Zwart \u2013 van Kessel &amp; Fieke Franken from The Netherlands\" aria-describedby=\"gallery-1-1142\" srcset=\"https:\/\/www.sapere-association.com\/wp-content\/uploads\/2020\/03\/netherlands-300x212.jpg 300w, https:\/\/www.sapere-association.com\/wp-content\/uploads\/2020\/03\/netherlands-768x542.jpg 768w, https:\/\/www.sapere-association.com\/wp-content\/uploads\/2020\/03\/netherlands-1024x723.jpg 1024w, https:\/\/www.sapere-association.com\/wp-content\/uploads\/2020\/03\/netherlands-175x124.jpg 175w\" sizes=\"(max-width: 300px) 100vw, 300px\" \/><\/a>\n\t\t\t<\/div>\n\t\t\t\t<figcaption class='wp-caption-text gallery-caption' id='gallery-1-1142'>\n\t\t\t\tAnnelaura Schaap &#038; Jolijn Zwart \u2013 van Kessel &#038;\tFieke Franken\tfrom The Netherlands\n\t\t\t\t<\/figcaption><\/figure><figure class='gallery-item'>\n\t\t\t<div class='gallery-icon landscape'>\n\t\t\t\t<a href='https:\/\/www.sapere-association.com\/wp-content\/uploads\/2020\/03\/scientific.jpg'><img loading=\"lazy\" decoding=\"async\" width=\"300\" height=\"200\" src=\"https:\/\/www.sapere-association.com\/wp-content\/uploads\/2020\/03\/scientific-300x200.jpg\" class=\"attachment-medium size-medium\" alt=\"Gurpinder Lalli, Lucy Cooke, Elizabeth Kim, Val\u00e9rie Almli &amp; Caroline Reverdy\" aria-describedby=\"gallery-1-1148\" srcset=\"https:\/\/www.sapere-association.com\/wp-content\/uploads\/2020\/03\/scientific-300x200.jpg 300w, https:\/\/www.sapere-association.com\/wp-content\/uploads\/2020\/03\/scientific-768x512.jpg 768w, https:\/\/www.sapere-association.com\/wp-content\/uploads\/2020\/03\/scientific-1024x683.jpg 1024w, https:\/\/www.sapere-association.com\/wp-content\/uploads\/2020\/03\/scientific-175x117.jpg 175w\" sizes=\"(max-width: 300px) 100vw, 300px\" \/><\/a>\n\t\t\t<\/div>\n\t\t\t\t<figcaption class='wp-caption-text gallery-caption' id='gallery-1-1148'>\n\t\t\t\tGurpinder Lalli, Lucy Cooke, Elizabeth Kim, Val\u00e9rie Almli &#038; Caroline Reverdy \n\t\t\t\t<\/figcaption><\/figure><figure class='gallery-item'>\n\t\t\t<div class='gallery-icon landscape'>\n\t\t\t\t<a href='https:\/\/www.sapere-association.com\/wp-content\/uploads\/2020\/03\/kim.jpg'><img loading=\"lazy\" decoding=\"async\" width=\"300\" height=\"200\" src=\"https:\/\/www.sapere-association.com\/wp-content\/uploads\/2020\/03\/kim-300x200.jpg\" class=\"attachment-medium size-medium\" alt=\"Jennifer Kim &amp; Elizabeth Kim from Singapore\" aria-describedby=\"gallery-1-1138\" srcset=\"https:\/\/www.sapere-association.com\/wp-content\/uploads\/2020\/03\/kim-300x200.jpg 300w, https:\/\/www.sapere-association.com\/wp-content\/uploads\/2020\/03\/kim-768x512.jpg 768w, https:\/\/www.sapere-association.com\/wp-content\/uploads\/2020\/03\/kim-1024x683.jpg 1024w, https:\/\/www.sapere-association.com\/wp-content\/uploads\/2020\/03\/kim-175x117.jpg 175w\" sizes=\"(max-width: 300px) 100vw, 300px\" \/><\/a>\n\t\t\t<\/div>\n\t\t\t\t<figcaption class='wp-caption-text gallery-caption' id='gallery-1-1138'>\n\t\t\t\tJennifer Kim &#038; Elizabeth Kim\tfrom Singapore\n\t\t\t\t<\/figcaption><\/figure><figure class='gallery-item'>\n\t\t\t<div class='gallery-icon landscape'>\n\t\t\t\t<a href='https:\/\/www.sapere-association.com\/wp-content\/uploads\/2020\/03\/estonia.jpg'><img loading=\"lazy\" decoding=\"async\" width=\"300\" height=\"200\" src=\"https:\/\/www.sapere-association.com\/wp-content\/uploads\/2020\/03\/estonia-300x200.jpg\" class=\"attachment-medium size-medium\" alt=\"Eva-Liisa Kaaristo &amp; K\u00fclli Holsting from Estonia\" aria-describedby=\"gallery-1-1140\" srcset=\"https:\/\/www.sapere-association.com\/wp-content\/uploads\/2020\/03\/estonia-300x200.jpg 300w, https:\/\/www.sapere-association.com\/wp-content\/uploads\/2020\/03\/estonia-768x512.jpg 768w, https:\/\/www.sapere-association.com\/wp-content\/uploads\/2020\/03\/estonia-1024x683.jpg 1024w, https:\/\/www.sapere-association.com\/wp-content\/uploads\/2020\/03\/estonia-175x117.jpg 175w\" sizes=\"(max-width: 300px) 100vw, 300px\" \/><\/a>\n\t\t\t<\/div>\n\t\t\t\t<figcaption class='wp-caption-text gallery-caption' id='gallery-1-1140'>\n\t\t\t\tEva-Liisa Kaaristo &#038; K\u00fclli Holsting from Estonia\t\n\t\t\t\t<\/figcaption><\/figure><figure class='gallery-item'>\n\t\t\t<div class='gallery-icon landscape'>\n\t\t\t\t<a href='https:\/\/www.sapere-association.com\/wp-content\/uploads\/2020\/03\/huurneman.jpg'><img loading=\"lazy\" decoding=\"async\" width=\"300\" height=\"197\" src=\"https:\/\/www.sapere-association.com\/wp-content\/uploads\/2020\/03\/huurneman-300x197.jpg\" class=\"attachment-medium size-medium\" alt=\"Family of Roelof Huurneman\" aria-describedby=\"gallery-1-1144\" srcset=\"https:\/\/www.sapere-association.com\/wp-content\/uploads\/2020\/03\/huurneman-300x197.jpg 300w, https:\/\/www.sapere-association.com\/wp-content\/uploads\/2020\/03\/huurneman-768x505.jpg 768w, https:\/\/www.sapere-association.com\/wp-content\/uploads\/2020\/03\/huurneman-1024x674.jpg 1024w, https:\/\/www.sapere-association.com\/wp-content\/uploads\/2020\/03\/huurneman-175x115.jpg 175w\" sizes=\"(max-width: 300px) 100vw, 300px\" \/><\/a>\n\t\t\t<\/div>\n\t\t\t\t<figcaption class='wp-caption-text gallery-caption' id='gallery-1-1144'>\n\t\t\t\tFamily of Roelof Huurneman\n\t\t\t\t<\/figcaption><\/figure><figure class='gallery-item'>\n\t\t\t<div class='gallery-icon landscape'>\n\t\t\t\t<a href='https:\/\/www.sapere-association.com\/wp-content\/uploads\/2020\/03\/chefs.jpg'><img loading=\"lazy\" decoding=\"async\" width=\"300\" height=\"200\" src=\"https:\/\/www.sapere-association.com\/wp-content\/uploads\/2020\/03\/chefs-300x200.jpg\" class=\"attachment-medium size-medium\" alt=\"Chefs Alex Rushmer &amp; Lawrence Butler\" aria-describedby=\"gallery-1-1146\" srcset=\"https:\/\/www.sapere-association.com\/wp-content\/uploads\/2020\/03\/chefs-300x200.jpg 300w, https:\/\/www.sapere-association.com\/wp-content\/uploads\/2020\/03\/chefs-768x513.jpg 768w, https:\/\/www.sapere-association.com\/wp-content\/uploads\/2020\/03\/chefs-1024x684.jpg 1024w, https:\/\/www.sapere-association.com\/wp-content\/uploads\/2020\/03\/chefs-175x117.jpg 175w\" sizes=\"(max-width: 300px) 100vw, 300px\" \/><\/a>\n\t\t\t<\/div>\n\t\t\t\t<figcaption class='wp-caption-text gallery-caption' id='gallery-1-1146'>\n\t\t\t\tChefs Alex Rushmer &#038; Lawrence Butler\n\t\t\t\t<\/figcaption><\/figure><figure class='gallery-item'>\n\t\t\t<div class='gallery-icon portrait'>\n\t\t\t\t<a href='https:\/\/www.sapere-association.com\/wp-content\/uploads\/2020\/03\/hawke.jpg'><img loading=\"lazy\" decoding=\"async\" width=\"200\" height=\"300\" src=\"https:\/\/www.sapere-association.com\/wp-content\/uploads\/2020\/03\/hawke-200x300.jpg\" class=\"attachment-medium size-medium\" alt=\"Corinna Hawkes\" aria-describedby=\"gallery-1-1136\" srcset=\"https:\/\/www.sapere-association.com\/wp-content\/uploads\/2020\/03\/hawke-200x300.jpg 200w, https:\/\/www.sapere-association.com\/wp-content\/uploads\/2020\/03\/hawke-768x1152.jpg 768w, https:\/\/www.sapere-association.com\/wp-content\/uploads\/2020\/03\/hawke-683x1024.jpg 683w, https:\/\/www.sapere-association.com\/wp-content\/uploads\/2020\/03\/hawke-87x130.jpg 87w\" sizes=\"(max-width: 200px) 100vw, 200px\" \/><\/a>\n\t\t\t<\/div>\n\t\t\t\t<figcaption class='wp-caption-text gallery-caption' id='gallery-1-1136'>\n\t\t\t\tCorinna Hawkes\n\t\t\t\t<\/figcaption><\/figure><figure class='gallery-item'>\n\t\t\t<div class='gallery-icon portrait'>\n\t\t\t\t<a href='https:\/\/www.sapere-association.com\/wp-content\/uploads\/2020\/03\/iceland.jpg'><img loading=\"lazy\" decoding=\"async\" width=\"200\" height=\"300\" src=\"https:\/\/www.sapere-association.com\/wp-content\/uploads\/2020\/03\/iceland-200x300.jpg\" class=\"attachment-medium size-medium\" alt=\"Anna Sigr\u00ed\u00f0ur \u00d3lafsd\u00f3ttir from Iceland\" aria-describedby=\"gallery-1-1134\" srcset=\"https:\/\/www.sapere-association.com\/wp-content\/uploads\/2020\/03\/iceland-200x300.jpg 200w, https:\/\/www.sapere-association.com\/wp-content\/uploads\/2020\/03\/iceland-768x1152.jpg 768w, https:\/\/www.sapere-association.com\/wp-content\/uploads\/2020\/03\/iceland-683x1024.jpg 683w, https:\/\/www.sapere-association.com\/wp-content\/uploads\/2020\/03\/iceland-87x130.jpg 87w\" sizes=\"(max-width: 200px) 100vw, 200px\" \/><\/a>\n\t\t\t<\/div>\n\t\t\t\t<figcaption class='wp-caption-text gallery-caption' id='gallery-1-1134'>\n\t\t\t\tAnna Sigr\u00ed\u00f0ur \u00d3lafsd\u00f3ttir from Iceland\n\t\t\t\t<\/figcaption><\/figure>\n\t\t<\/div>\n\n<p>&nbsp;<\/p>\n","protected":false},"excerpt":{"rendered":"<p>Le 20 Octobre 2022 dernier, SAPERE international a organis\u00e9 sa premi\u00e8re conf\u00e9rence en ligne. Celle-ci \u00e9tait consacr\u00e9e \u00e0 la relation entre l\u2019\u00e9ducation sensorielle et la durabilit\u00e9 alimentaire. Plus de 60 participants ont rejoint la e-conference en provenance de l&rsquo;Europe, du&#8230;<\/p>\n","protected":false},"author":68,"featured_media":0,"parent":87,"menu_order":4,"comment_status":"closed","ping_status":"closed","template":"","meta":{"footnotes":""},"class_list":["post-357","page","type-page","status-publish","hentry"],"acf":[],"_links":{"self":[{"href":"https:\/\/www.sapere-association.com\/fr\/wp-json\/wp\/v2\/pages\/357","targetHints":{"allow":["GET"]}}],"collection":[{"href":"https:\/\/www.sapere-association.com\/fr\/wp-json\/wp\/v2\/pages"}],"about":[{"href":"https:\/\/www.sapere-association.com\/fr\/wp-json\/wp\/v2\/types\/page"}],"author":[{"embeddable":true,"href":"https:\/\/www.sapere-association.com\/fr\/wp-json\/wp\/v2\/users\/68"}],"replies":[{"embeddable":true,"href":"https:\/\/www.sapere-association.com\/fr\/wp-json\/wp\/v2\/comments?post=357"}],"version-history":[{"count":0,"href":"https:\/\/www.sapere-association.com\/fr\/wp-json\/wp\/v2\/pages\/357\/revisions"}],"up":[{"embeddable":true,"href":"https:\/\/www.sapere-association.com\/fr\/wp-json\/wp\/v2\/pages\/87"}],"wp:attachment":[{"href":"https:\/\/www.sapere-association.com\/fr\/wp-json\/wp\/v2\/media?parent=357"}],"curies":[{"name":"wp","href":"https:\/\/api.w.org\/{rel}","templated":true}]}}